{"id":2894,"date":"2022-08-31T11:47:45","date_gmt":"2022-08-31T10:47:45","guid":{"rendered":"https:\/\/www.ideolegal.com\/?page_id=2894"},"modified":"2022-09-29T10:20:27","modified_gmt":"2022-09-29T09:20:27","slug":"associations-foundations-and-patronage","status":"publish","type":"page","link":"https:\/\/www.ideolegal.com\/en\/sectors\/associations-foundations-and-patronage\/","title":{"rendered":"Associations, foundations and patronage"},"content":{"rendered":"<p><section id=\"bt_bb_section69f3b50413ba2\" class=\"bt_bb_section bt_bb_color_scheme_1 bt_bb_layout_boxed_1200 bt_bb_vertical_align_middle bt_bb_background_overlay_dark_solid bt_bb_top_spacing_extra_large bt_bb_bottom_spacing_large\" style=\"; --section-primary-color:#ffffff; --section-secondary-color:#191919;\" data-bt-override-class=\"null\"><div class=\"bt_bb_background_image_holder_wrapper\"><div class=\"bt_bb_background_image_holder bt_bb_parallax\"  data-parallax=\"0\" data-parallax-offset=\"0\" data-parallax-zoom-start=\"1\" data-parallax-zoom-end=\"1\" data-parallax-blur-start=\"0\" data-parallax-blur-end=\"0\" data-parallax-opacity-start=\"1\" data-parallax-opacity-end=\"1\" style=\" background-image:url(&#039;https:\/\/www.ideolegal.com\/wp-content\/uploads\/ideolegal-asociaciones.jpg&#039;);\"><\/div><\/div><div class=\"bt_bb_port\"><div class=\"bt_bb_cell\"><div class=\"bt_bb_cell_inner\"><div class=\"bt_bb_row  bt_bb_column_gap_80\" style=\"; --column-gap:80px;\" data-bt-override-class=\"{}\"><div class=\"bt_bb_row_holder\" ><div  class=\"bt_bb_column col-xxl-8 col-xl-8 bt_bb_vertical_align_top bt_bb_align_left bt_bb_padding_normal\" style=\"; --column-width:8;\" data-width=\"8\" data-bt-override-class=\"{}\"><div class=\"bt_bb_column_content\"><div class=\"bt_bb_column_content_inner\"><div class=\"bt_bb_separator bt_bb_border_style_none bt_bb_top_spacing_large\" data-bt-override-class=\"null\"><\/div><\/div><\/div><\/div><div  class=\"bt_bb_column col-xxl-4 col-xl-4 bt_bb_vertical_align_top bt_bb_align_left bt_bb_padding_normal\" style=\"; --column-width:4;\" data-width=\"4\" data-bt-override-class=\"{}\"><div class=\"bt_bb_column_content\"><div class=\"bt_bb_column_content_inner\"><\/div><\/div><\/div><\/div><\/div><\/div><!-- cell_inner --><\/div><!-- cell --><\/div><!-- port --><\/section><section id=\"bt_bb_section69f3b50413fdf\" class=\"bt_bb_section bt_bb_color_scheme_2 bt_bb_layout_boxed_1400 bt_bb_vertical_align_middle bt_bb_top_spacing_large bt_bb_bottom_spacing_large\" style=\"; --section-primary-color:#191919; --section-secondary-color:#ffffff;;background-color:#ffffff;\" data-bt-override-class=\"null\"><div class=\"bt_bb_port\"><div class=\"bt_bb_cell\"><div class=\"bt_bb_cell_inner\"><div class=\"bt_bb_row  bt_bb_column_gap_50\" style=\"; --column-gap:50px;\" data-bt-override-class=\"{}\"><div class=\"bt_bb_row_holder\" ><div  class=\"bt_bb_column col-xxl-6 col-xl-6 bt_bb_vertical_align_top bt_bb_align_left bt_bb_padding_normal bt_bb_animation_fade_in animate\" style=\"; --column-width:6;\" data-width=\"6\" data-bt-override-class=\"{}\"><div class=\"bt_bb_column_content\"><div class=\"bt_bb_column_content_inner\"><div class=\"bt_bb_service service_tittle bt_bb_style_borderless bt_bb_size_small bt_bb_shape_circle bt_bb_target_self bt_bb_align_inherit\" data-bt-override-class=\"{}\"><span  data-ico-essential=\"&#xe9a2;\" class=\"bt_bb_icon_holder\"><\/span><div class=\"bt_bb_service_content\"><div class=\"bt_bb_service_content_title\">Asociaciones, fundaciones y mecenazgo<\/div><\/div><\/div><div class=\"bt_bb_separator bt_bb_border_style_none bt_bb_top_spacing_normal\" data-bt-override-class=\"null\"><\/div><div  class=\"bt_bb_text\" ><\/p>\n<p style=\"text-align: justify;\">The firm&#8217;s specialization in the tax aspects of associations, foundations (public or private) and patronage is noteworthy, advising both the first two and companies that want to participate in non-profit activities.<\/p>\n<p>\n<\/div><\/div><\/div><\/div><div  class=\"bt_bb_column col-xxl-6 col-xl-6 bt_bb_vertical_align_top bt_bb_align_left bt_bb_padding_normal bt_bb_animation_fade_in animate\" style=\"border-left: 1px solid #ccc;; --column-width:6;\" data-width=\"6\" data-bt-override-class=\"{}\"><div class=\"bt_bb_column_content\"><div class=\"bt_bb_column_content_inner\"><header class=\"bt_bb_headline bt_bb_font_weight_normal bt_bb_dash_none bt_bb_size_small bt_bb_align_inherit\" data-bt-override-class=\"{&quot;bt_bb_size_&quot;:{&quot;current_class&quot;:&quot;bt_bb_size_small&quot;,&quot;def&quot;:&quot;small&quot;,&quot;xl&quot;:&quot;small&quot;},&quot;bt_bb_align_&quot;:{&quot;current_class&quot;:&quot;bt_bb_align_inherit&quot;,&quot;def&quot;:&quot;inherit&quot;,&quot;xl&quot;:&quot;inherit&quot;}}\"><h2 class=\"bt_bb_headline_tag\"><span class=\"bt_bb_headline_content\"><span>Featured Posts:<\/span><\/span><\/h2><\/header><div class=\"bt_bb_separator bt_bb_border_style_none bt_bb_top_spacing_normal\" data-bt-override-class=\"null\"><\/div><div class=\"bt_bb_service bt_bb_style_borderless bt_bb_size_small bt_bb_shape_square bt_bb_target_self bt_bb_align_inherit\" data-bt-override-class=\"{}\"><span  data-ico-essential=\"&#xe9d5;\" class=\"bt_bb_icon_holder\"><\/span><div class=\"bt_bb_service_content\"><div class=\"bt_bb_service_content_title\">2001 - Estudios Financieros, n\u00fam. 218<\/div><div class=\"bt_bb_service_content_text\">Reflexiones sobre la situaci\u00f3n actual y propuestas de futuro del r\u00e9gimen tributario del mecenazgo.<\/div><\/div><\/div><div class=\"bt_bb_separator bt_bb_border_style_none bt_bb_top_spacing_normal\" data-bt-override-class=\"null\"><\/div><div class=\"bt_bb_service bt_bb_style_borderless bt_bb_size_small bt_bb_shape_square bt_bb_target_self bt_bb_align_inherit\" data-bt-override-class=\"{}\"><span  data-ico-essential=\"&#xe9d5;\" class=\"bt_bb_icon_holder\"><\/span><div class=\"bt_bb_service_content\"><div class=\"bt_bb_service_content_title\">1999 - Impuestos, n\u00fam. 20<\/div><div class=\"bt_bb_service_content_text\">El tratamiento tributario de los Convenios de colaboraci\u00f3n en actividades de inter\u00e9s general.<\/div><\/div><\/div><div class=\"bt_bb_separator bt_bb_border_style_none bt_bb_top_spacing_normal\" data-bt-override-class=\"null\"><\/div><div class=\"bt_bb_service bt_bb_style_borderless bt_bb_size_small bt_bb_shape_square bt_bb_target_self bt_bb_align_inherit\" data-bt-override-class=\"{}\"><span  data-ico-essential=\"&#xe9d5;\" class=\"bt_bb_icon_holder\"><\/span><div class=\"bt_bb_service_content\"><div class=\"bt_bb_service_content_title\">1996 - IEF<\/div><div class=\"bt_bb_service_content_text\">Notas cr\u00edticas al Proyecto de Ley de mecenazgo cultural, Los reg\u00edmenes especiales del Impuesto sobre Sociedades.<\/div><\/div><\/div><div class=\"bt_bb_separator bt_bb_border_style_none bt_bb_top_spacing_normal\" data-bt-override-class=\"null\"><\/div><div class=\"bt_bb_service bt_bb_style_borderless bt_bb_size_small bt_bb_shape_square bt_bb_target_self bt_bb_align_inherit\" data-bt-override-class=\"{}\"><span  data-ico-essential=\"&#xe9d5;\" class=\"bt_bb_icon_holder\"><\/span><div class=\"bt_bb_service_content\"><div class=\"bt_bb_service_content_title\">1996 - La Ley\/Actualidad<\/div><div class=\"bt_bb_service_content_text\">R\u00e9gimen tributario del mecenazgo en Espa\u00f1a.<\/div><\/div><\/div><div class=\"bt_bb_separator bt_bb_border_style_none bt_bb_top_spacing_normal\" data-bt-override-class=\"null\"><\/div><div class=\"bt_bb_accordion bt_bb_style_filled bt_bb_shape_square\" data-closed=closed><div class=\"bt_bb_accordion_item\"><div class=\"bt_bb_accordion_item_title\">More posts<\/div><div class=\"bt_bb_accordion_item_content\"><div class=\"bt_bb_service bt_bb_style_borderless bt_bb_size_small bt_bb_shape_square bt_bb_target_self bt_bb_align_inherit\" data-bt-override-class=\"{&quot;bt_bb_size_&quot;:{&quot;current_class&quot;:&quot;bt_bb_size_small&quot;,&quot;def&quot;:&quot;small&quot;,&quot;xl&quot;:&quot;small&quot;},&quot;bt_bb_align_&quot;:{&quot;current_class&quot;:&quot;bt_bb_align_inherit&quot;,&quot;def&quot;:&quot;inherit&quot;,&quot;xl&quot;:&quot;inherit&quot;}}\"><span  data-ico-essential=\"&#xe9d5;\" class=\"bt_bb_icon_holder\"><\/span><div class=\"bt_bb_service_content\"><div class=\"bt_bb_service_content_title\">1996- Universidad Complutense de Madrid<\/div><div class=\"bt_bb_service_content_text\">Las entidades sin fines lucrativos y el Impuesto sobre Sociedades\", Estudios de Derecho Financiero y Tributario.<\/div><\/div><\/div><div class=\"bt_bb_separator bt_bb_border_style_none bt_bb_top_spacing_normal\" data-bt-override-class=\"null\"><\/div><div class=\"bt_bb_service bt_bb_style_borderless bt_bb_size_small bt_bb_shape_square bt_bb_target_self bt_bb_align_inherit\" data-bt-override-class=\"{&quot;bt_bb_size_&quot;:{&quot;current_class&quot;:&quot;bt_bb_size_small&quot;,&quot;def&quot;:&quot;small&quot;,&quot;xl&quot;:&quot;small&quot;},&quot;bt_bb_align_&quot;:{&quot;current_class&quot;:&quot;bt_bb_align_inherit&quot;,&quot;def&quot;:&quot;inherit&quot;,&quot;xl&quot;:&quot;inherit&quot;}}\"><span  data-ico-essential=\"&#xe9d5;\" class=\"bt_bb_icon_holder\"><\/span><div class=\"bt_bb_service_content\"><div class=\"bt_bb_service_content_title\">1996- Tribuna Fiscal, n\u00fam. 67<\/div><div class=\"bt_bb_service_content_text\">Algunas notas sobre las entidades sin fines lucrativos y el Impuesto sobre Sociedades<\/div><\/div><\/div><div class=\"bt_bb_separator bt_bb_border_style_none bt_bb_top_spacing_normal\" data-bt-override-class=\"null\"><\/div><div class=\"bt_bb_service bt_bb_style_borderless bt_bb_size_small bt_bb_shape_square bt_bb_target_self bt_bb_align_inherit\" data-bt-override-class=\"{&quot;bt_bb_size_&quot;:{&quot;current_class&quot;:&quot;bt_bb_size_small&quot;,&quot;def&quot;:&quot;small&quot;,&quot;xl&quot;:&quot;small&quot;},&quot;bt_bb_align_&quot;:{&quot;current_class&quot;:&quot;bt_bb_align_inherit&quot;,&quot;def&quot;:&quot;inherit&quot;,&quot;xl&quot;:&quot;inherit&quot;}}\"><span  data-ico-essential=\"&#xe9d5;\" class=\"bt_bb_icon_holder\"><\/span><div class=\"bt_bb_service_content\"><div class=\"bt_bb_service_content_title\">1991- Impuestos, n\u00fams. 15-16<\/div><div class=\"bt_bb_service_content_text\">Las entidades ben\u00e9ficas o de utilidad p\u00fablica y el Impuesto sobre Sociedades: Situaci\u00f3n actual y propuestas de futuro.<\/div><\/div><\/div><div class=\"bt_bb_separator bt_bb_border_style_none bt_bb_top_spacing_normal\" data-bt-override-class=\"null\"><\/div><div class=\"bt_bb_service bt_bb_style_borderless bt_bb_size_small bt_bb_shape_square bt_bb_target_self bt_bb_align_inherit\" data-bt-override-class=\"{&quot;bt_bb_size_&quot;:{&quot;current_class&quot;:&quot;bt_bb_size_small&quot;,&quot;def&quot;:&quot;small&quot;,&quot;xl&quot;:&quot;small&quot;},&quot;bt_bb_align_&quot;:{&quot;current_class&quot;:&quot;bt_bb_align_inherit&quot;,&quot;def&quot;:&quot;inherit&quot;,&quot;xl&quot;:&quot;inherit&quot;}}\"><span  data-ico-essential=\"&#xe9d5;\" class=\"bt_bb_icon_holder\"><\/span><div class=\"bt_bb_service_content\"><div class=\"bt_bb_service_content_title\">1991- Universidad de C\u00f3rdoba<\/div><div class=\"bt_bb_service_content_text\">Incentivos fiscales al mecenazgo cultural e Impuesto sobre la Renta de las Personas F\u00edsicas, Estudios jur\u00eddicos en conmemoraci\u00f3n del X Aniversario de la Facultad de Derecho, II<\/div><\/div><\/div><\/div><\/div><\/div><\/div><\/div><\/div><\/div><\/div><\/div><!-- cell_inner --><\/div><!-- cell --><\/div><!-- port --><\/section><\/p>\n","protected":false},"excerpt":{"rendered":"","protected":false},"author":1,"featured_media":0,"parent":2858,"menu_order":0,"comment_status":"closed","ping_status":"closed","template":"","meta":{"footnotes":""},"class_list":["post-2894","page","type-page","status-publish","hentry"],"yoast_head":"<!-- This site is optimized with the Yoast SEO plugin v27.5 - https:\/\/yoast.com\/product\/yoast-seo-wordpress\/ -->\n<title>Associations, foundations and patronage - IDEO LEGAL Abogados especialistas en Derecho Financiero y Tributario en Madrid y M\u00e1laga<\/title>\n<meta name=\"robots\" content=\"index, follow, max-snippet:-1, max-image-preview:large, max-video-preview:-1\" \/>\n<link rel=\"canonical\" href=\"https:\/\/www.ideolegal.com\/en\/sectors\/associations-foundations-and-patronage\/\" \/>\n<meta property=\"og:locale\" content=\"en_US\" \/>\n<meta property=\"og:type\" content=\"article\" \/>\n<meta property=\"og:title\" content=\"Associations, foundations and patronage - IDEO LEGAL Abogados especialistas en Derecho Financiero y Tributario en Madrid y M\u00e1laga\" \/>\n<meta property=\"og:url\" content=\"https:\/\/www.ideolegal.com\/en\/sectors\/associations-foundations-and-patronage\/\" \/>\n<meta property=\"og:site_name\" content=\"IDEO LEGAL\" \/>\n<meta property=\"article:modified_time\" content=\"2022-09-29T09:20:27+00:00\" \/>\n<meta name=\"twitter:card\" content=\"summary_large_image\" \/>\n<meta name=\"twitter:label1\" content=\"Est. reading time\" \/>\n\t<meta name=\"twitter:data1\" content=\"3 minutes\" \/>\n<script type=\"application\/ld+json\" class=\"yoast-schema-graph\">{\"@context\":\"https:\\\/\\\/schema.org\",\"@graph\":[{\"@type\":\"WebPage\",\"@id\":\"https:\\\/\\\/www.ideolegal.com\\\/en\\\/sectors\\\/associations-foundations-and-patronage\\\/\",\"url\":\"https:\\\/\\\/www.ideolegal.com\\\/en\\\/sectors\\\/associations-foundations-and-patronage\\\/\",\"name\":\"Associations, foundations and patronage - IDEO LEGAL Abogados especialistas en Derecho Financiero y Tributario en Madrid y M\u00e1laga\",\"isPartOf\":{\"@id\":\"https:\\\/\\\/www.ideolegal.com\\\/#website\"},\"datePublished\":\"2022-08-31T10:47:45+00:00\",\"dateModified\":\"2022-09-29T09:20:27+00:00\",\"breadcrumb\":{\"@id\":\"https:\\\/\\\/www.ideolegal.com\\\/en\\\/sectors\\\/associations-foundations-and-patronage\\\/#breadcrumb\"},\"inLanguage\":\"en-US\",\"potentialAction\":[{\"@type\":\"ReadAction\",\"target\":[\"https:\\\/\\\/www.ideolegal.com\\\/en\\\/sectors\\\/associations-foundations-and-patronage\\\/\"]}]},{\"@type\":\"BreadcrumbList\",\"@id\":\"https:\\\/\\\/www.ideolegal.com\\\/en\\\/sectors\\\/associations-foundations-and-patronage\\\/#breadcrumb\",\"itemListElement\":[{\"@type\":\"ListItem\",\"position\":1,\"name\":\"Portada\",\"item\":\"https:\\\/\\\/www.ideolegal.com\\\/en\\\/\"},{\"@type\":\"ListItem\",\"position\":2,\"name\":\"Sectors\",\"item\":\"https:\\\/\\\/www.ideolegal.com\\\/en\\\/sectors\\\/\"},{\"@type\":\"ListItem\",\"position\":3,\"name\":\"Associations, foundations and patronage\"}]},{\"@type\":\"WebSite\",\"@id\":\"https:\\\/\\\/www.ideolegal.com\\\/#website\",\"url\":\"https:\\\/\\\/www.ideolegal.com\\\/\",\"name\":\"IDEO LEGAL\",\"description\":\"Abogados especialistas en Derecho Financiero y Tributario en Madrid y M\u00e1laga\",\"publisher\":{\"@id\":\"https:\\\/\\\/www.ideolegal.com\\\/#organization\"},\"potentialAction\":[{\"@type\":\"SearchAction\",\"target\":{\"@type\":\"EntryPoint\",\"urlTemplate\":\"https:\\\/\\\/www.ideolegal.com\\\/?s={search_term_string}\"},\"query-input\":{\"@type\":\"PropertyValueSpecification\",\"valueRequired\":true,\"valueName\":\"search_term_string\"}}],\"inLanguage\":\"en-US\"},{\"@type\":\"Organization\",\"@id\":\"https:\\\/\\\/www.ideolegal.com\\\/#organization\",\"name\":\"IDEO LEGAL\",\"url\":\"https:\\\/\\\/www.ideolegal.com\\\/\",\"logo\":{\"@type\":\"ImageObject\",\"inLanguage\":\"en-US\",\"@id\":\"https:\\\/\\\/www.ideolegal.com\\\/#\\\/schema\\\/logo\\\/image\\\/\",\"url\":\"https:\\\/\\\/www.ideolegal.com\\\/wp-content\\\/uploads\\\/ideo_legal-logo-new.png\",\"contentUrl\":\"https:\\\/\\\/www.ideolegal.com\\\/wp-content\\\/uploads\\\/ideo_legal-logo-new.png\",\"width\":350,\"height\":86,\"caption\":\"IDEO LEGAL\"},\"image\":{\"@id\":\"https:\\\/\\\/www.ideolegal.com\\\/#\\\/schema\\\/logo\\\/image\\\/\"}}]}<\/script>\n<!-- \/ Yoast SEO plugin. -->","yoast_head_json":{"title":"Associations, foundations and patronage - IDEO LEGAL Abogados especialistas en Derecho Financiero y Tributario en Madrid y M\u00e1laga","robots":{"index":"index","follow":"follow","max-snippet":"max-snippet:-1","max-image-preview":"max-image-preview:large","max-video-preview":"max-video-preview:-1"},"canonical":"https:\/\/www.ideolegal.com\/en\/sectors\/associations-foundations-and-patronage\/","og_locale":"en_US","og_type":"article","og_title":"Associations, foundations and patronage - IDEO LEGAL Abogados especialistas en Derecho Financiero y Tributario en Madrid y M\u00e1laga","og_url":"https:\/\/www.ideolegal.com\/en\/sectors\/associations-foundations-and-patronage\/","og_site_name":"IDEO LEGAL","article_modified_time":"2022-09-29T09:20:27+00:00","twitter_card":"summary_large_image","twitter_misc":{"Est. reading time":"3 minutes"},"schema":{"@context":"https:\/\/schema.org","@graph":[{"@type":"WebPage","@id":"https:\/\/www.ideolegal.com\/en\/sectors\/associations-foundations-and-patronage\/","url":"https:\/\/www.ideolegal.com\/en\/sectors\/associations-foundations-and-patronage\/","name":"Associations, foundations and patronage - IDEO LEGAL Abogados especialistas en Derecho Financiero y Tributario en Madrid y M\u00e1laga","isPartOf":{"@id":"https:\/\/www.ideolegal.com\/#website"},"datePublished":"2022-08-31T10:47:45+00:00","dateModified":"2022-09-29T09:20:27+00:00","breadcrumb":{"@id":"https:\/\/www.ideolegal.com\/en\/sectors\/associations-foundations-and-patronage\/#breadcrumb"},"inLanguage":"en-US","potentialAction":[{"@type":"ReadAction","target":["https:\/\/www.ideolegal.com\/en\/sectors\/associations-foundations-and-patronage\/"]}]},{"@type":"BreadcrumbList","@id":"https:\/\/www.ideolegal.com\/en\/sectors\/associations-foundations-and-patronage\/#breadcrumb","itemListElement":[{"@type":"ListItem","position":1,"name":"Portada","item":"https:\/\/www.ideolegal.com\/en\/"},{"@type":"ListItem","position":2,"name":"Sectors","item":"https:\/\/www.ideolegal.com\/en\/sectors\/"},{"@type":"ListItem","position":3,"name":"Associations, foundations and patronage"}]},{"@type":"WebSite","@id":"https:\/\/www.ideolegal.com\/#website","url":"https:\/\/www.ideolegal.com\/","name":"IDEO LEGAL","description":"Abogados especialistas en Derecho Financiero y Tributario en Madrid y M\u00e1laga","publisher":{"@id":"https:\/\/www.ideolegal.com\/#organization"},"potentialAction":[{"@type":"SearchAction","target":{"@type":"EntryPoint","urlTemplate":"https:\/\/www.ideolegal.com\/?s={search_term_string}"},"query-input":{"@type":"PropertyValueSpecification","valueRequired":true,"valueName":"search_term_string"}}],"inLanguage":"en-US"},{"@type":"Organization","@id":"https:\/\/www.ideolegal.com\/#organization","name":"IDEO LEGAL","url":"https:\/\/www.ideolegal.com\/","logo":{"@type":"ImageObject","inLanguage":"en-US","@id":"https:\/\/www.ideolegal.com\/#\/schema\/logo\/image\/","url":"https:\/\/www.ideolegal.com\/wp-content\/uploads\/ideo_legal-logo-new.png","contentUrl":"https:\/\/www.ideolegal.com\/wp-content\/uploads\/ideo_legal-logo-new.png","width":350,"height":86,"caption":"IDEO LEGAL"},"image":{"@id":"https:\/\/www.ideolegal.com\/#\/schema\/logo\/image\/"}}]}},"_links":{"self":[{"href":"https:\/\/www.ideolegal.com\/en\/wp-json\/wp\/v2\/pages\/2894","targetHints":{"allow":["GET"]}}],"collection":[{"href":"https:\/\/www.ideolegal.com\/en\/wp-json\/wp\/v2\/pages"}],"about":[{"href":"https:\/\/www.ideolegal.com\/en\/wp-json\/wp\/v2\/types\/page"}],"author":[{"embeddable":true,"href":"https:\/\/www.ideolegal.com\/en\/wp-json\/wp\/v2\/users\/1"}],"replies":[{"embeddable":true,"href":"https:\/\/www.ideolegal.com\/en\/wp-json\/wp\/v2\/comments?post=2894"}],"version-history":[{"count":2,"href":"https:\/\/www.ideolegal.com\/en\/wp-json\/wp\/v2\/pages\/2894\/revisions"}],"predecessor-version":[{"id":2896,"href":"https:\/\/www.ideolegal.com\/en\/wp-json\/wp\/v2\/pages\/2894\/revisions\/2896"}],"up":[{"embeddable":true,"href":"https:\/\/www.ideolegal.com\/en\/wp-json\/wp\/v2\/pages\/2858"}],"wp:attachment":[{"href":"https:\/\/www.ideolegal.com\/en\/wp-json\/wp\/v2\/media?parent=2894"}],"curies":[{"name":"wp","href":"https:\/\/api.w.org\/{rel}","templated":true}]}}