{"id":2833,"date":"2022-08-30T11:49:53","date_gmt":"2022-08-30T10:49:53","guid":{"rendered":"https:\/\/www.ideolegal.com\/?page_id=2833"},"modified":"2022-09-07T11:55:48","modified_gmt":"2022-09-07T10:55:48","slug":"public-sector-law","status":"publish","type":"page","link":"https:\/\/www.ideolegal.com\/en\/practice-area\/public-sector-law\/","title":{"rendered":"Public Sector Law"},"content":{"rendered":"<p><section id=\"bt_bb_section69f49085a46c6\" class=\"bt_bb_section bt_bb_color_scheme_1 bt_bb_layout_boxed_1200 bt_bb_vertical_align_top bt_bb_background_overlay_dark_solid bt_bb_top_spacing_extra_large bt_bb_bottom_spacing_large\" style=\"; --section-primary-color:#ffffff; --section-secondary-color:#191919;\" data-bt-override-class=\"null\"><div class=\"bt_bb_background_image_holder_wrapper\"><div class=\"bt_bb_background_image_holder bt_bb_parallax\"  data-parallax=\"0.8\" data-parallax-offset=\"0\" data-parallax-zoom-start=\"1\" data-parallax-zoom-end=\"1\" data-parallax-blur-start=\"0\" data-parallax-blur-end=\"0\" data-parallax-opacity-start=\"1\" data-parallax-opacity-end=\"1\" style=\" background-image:url(&#039;https:\/\/www.ideolegal.com\/wp-content\/uploads\/derecho-sector-publico.jpg&#039;);\"><\/div><\/div><div class=\"bt_bb_port\"><div class=\"bt_bb_cell\"><div class=\"bt_bb_cell_inner\"><div class=\"bt_bb_row  bt_bb_column_gap_80\" style=\"; --column-gap:80px;\" data-bt-override-class=\"{}\"><div class=\"bt_bb_row_holder\" ><div  class=\"bt_bb_column col-xxl-8 col-xl-8 bt_bb_vertical_align_top bt_bb_align_left bt_bb_padding_normal\" style=\"; --column-width:8;\" data-width=\"8\" data-bt-override-class=\"{}\"><div class=\"bt_bb_column_content\"><div class=\"bt_bb_column_content_inner\"><header class=\"bt_bb_headline bt_bb_font_weight_normal bt_bb_dash_top bt_bb_superheadline bt_bb_size_extrasmall bt_bb_align_inherit\" data-bt-override-class=\"{&quot;bt_bb_size_&quot;:{&quot;current_class&quot;:&quot;bt_bb_size_extrasmall&quot;,&quot;def&quot;:&quot;extrasmall&quot;,&quot;xl&quot;:&quot;extrasmall&quot;},&quot;bt_bb_align_&quot;:{&quot;current_class&quot;:&quot;bt_bb_align_inherit&quot;,&quot;def&quot;:&quot;inherit&quot;,&quot;xl&quot;:&quot;inherit&quot;}}\"><h1 class=\"bt_bb_headline_tag\"><span class=\"bt_bb_headline_superheadline\">PUBLIC SECTOR LAW<\/span><span class=\"bt_bb_headline_content\"><span>Previous consultancy in normative production and setting of public service tariffs<\/span><\/span><\/h1><\/header><div class=\"bt_bb_separator bt_bb_border_style_none bt_bb_top_spacing_medium\" data-bt-override-class=\"null\"><\/div><\/div><\/div><\/div><div  class=\"bt_bb_column col-xxl-4 col-xl-4 bt_bb_vertical_align_top bt_bb_align_left bt_bb_padding_normal\" style=\"; --column-width:4;\" data-width=\"4\" data-bt-override-class=\"{}\"><div class=\"bt_bb_column_content\"><div class=\"bt_bb_column_content_inner\"><\/div><\/div><\/div><\/div><\/div><\/div><!-- cell_inner --><\/div><!-- cell --><\/div><!-- port --><\/section><section id=\"bt_bb_section69f49085a4ca4\" class=\"bt_bb_section bt_bb_color_scheme_2 bt_bb_layout_boxed_1400 bt_bb_vertical_align_middle bt_bb_top_spacing_large bt_bb_bottom_spacing_large\" style=\"; --section-primary-color:#191919; --section-secondary-color:#ffffff;;background-color:#ffffff;\" data-bt-override-class=\"null\"><div class=\"bt_bb_port\"><div class=\"bt_bb_cell\"><div class=\"bt_bb_cell_inner\"><div class=\"bt_bb_row  bt_bb_column_gap_50\" style=\"; --column-gap:50px;\" data-bt-override-class=\"{}\"><div class=\"bt_bb_row_holder\" ><div  class=\"bt_bb_column col-xxl-4 col-xl-4 bt_bb_vertical_align_middle bt_bb_align_left bt_bb_padding_normal bt_bb_animation_fade_in animate\" style=\"; --column-width:4;\" data-width=\"4\" data-bt-override-class=\"{}\"><div class=\"bt_bb_column_content\"><div class=\"bt_bb_column_content_inner\"><div class=\"bt_bb_service service_tittle bt_bb_style_borderless bt_bb_size_small bt_bb_shape_circle bt_bb_target_self bt_bb_align_inherit\" data-bt-override-class=\"{&quot;bt_bb_size_&quot;:{&quot;current_class&quot;:&quot;bt_bb_size_small&quot;,&quot;def&quot;:&quot;small&quot;,&quot;xl&quot;:&quot;small&quot;},&quot;bt_bb_align_&quot;:{&quot;current_class&quot;:&quot;bt_bb_align_inherit&quot;,&quot;def&quot;:&quot;inherit&quot;,&quot;xl&quot;:&quot;inherit&quot;}}\"><span  data-ico-fontawesome=\"&#xf0e3;\" class=\"bt_bb_icon_holder\"><\/span><div class=\"bt_bb_service_content\"><div class=\"bt_bb_service_content_title\">State Aid<\/div><\/div><\/div><div class=\"bt_bb_separator bt_bb_border_style_none bt_bb_top_spacing_normal\" data-bt-override-class=\"null\"><\/div><div  class=\"bt_bb_text\" ><\/p>\n<p style=\"text-align: justify;\">El despacho cuenta con gran experiencia en la defensa de las Administraciones en procedimientos iniciados por la Comisi\u00f3n Europea por ayudas de Estado que afectan al \u00e1mbito tributario.<\/p>\n<p>\n<\/div><\/div><\/div><\/div><div  class=\"bt_bb_column col-xxl-8 col-xl-8 bt_bb_vertical_align_top bt_bb_align_left bt_bb_padding_normal bt_bb_animation_fade_in animate\" style=\"border-left: 1px solid #ccc;; --column-width:8;\" data-width=\"8\" data-bt-override-class=\"{}\"><div class=\"bt_bb_column_content\"><div class=\"bt_bb_column_content_inner\"><header class=\"bt_bb_headline bt_bb_font_weight_normal bt_bb_dash_none bt_bb_size_small bt_bb_align_inherit\" data-bt-override-class=\"{&quot;bt_bb_size_&quot;:{&quot;current_class&quot;:&quot;bt_bb_size_small&quot;,&quot;def&quot;:&quot;small&quot;,&quot;xl&quot;:&quot;small&quot;},&quot;bt_bb_align_&quot;:{&quot;current_class&quot;:&quot;bt_bb_align_inherit&quot;,&quot;def&quot;:&quot;inherit&quot;,&quot;xl&quot;:&quot;inherit&quot;}}\"><h2 class=\"bt_bb_headline_tag\"><span class=\"bt_bb_headline_content\"><span>Featured Posts:<\/span><\/span><\/h2><\/header><div class=\"bt_bb_separator bt_bb_border_style_none bt_bb_top_spacing_normal\" data-bt-override-class=\"null\"><\/div><div class=\"bt_bb_service bt_bb_style_borderless bt_bb_size_small bt_bb_shape_square bt_bb_target_self bt_bb_align_inherit\" data-bt-override-class=\"{}\"><span  data-ico-essential=\"&#xe9d5;\" class=\"bt_bb_icon_holder\"><\/span><div class=\"bt_bb_service_content\"><div class=\"bt_bb_service_content_title\">2016 - Tirant Lo Blanch<\/div><div class=\"bt_bb_service_content_text\">La recuperaci\u00f3n de ayudas de Estado que afectan al \u00e1mbito tributario, Tratado pr\u00e1ctico de Derecho Tributario General Espa\u00f1ol (una visi\u00f3n sistem\u00e1tica de la Ley General Tributaria).<\/div><\/div><\/div><div class=\"bt_bb_separator bt_bb_border_style_none bt_bb_top_spacing_normal\" data-bt-override-class=\"null\"><\/div><div class=\"bt_bb_service bt_bb_style_borderless bt_bb_size_small bt_bb_shape_square bt_bb_target_self bt_bb_align_inherit\" data-bt-override-class=\"{}\"><span  data-ico-essential=\"&#xe9d5;\" class=\"bt_bb_icon_holder\"><\/span><div class=\"bt_bb_service_content\"><div class=\"bt_bb_service_content_title\">2006 - IEF<\/div><div class=\"bt_bb_service_content_text\">La deducci\u00f3n por inversi\u00f3n en bienes ambientales a la luz del principio \"quien contamina paga\" y la prohibici\u00f3n de ayudas de Estado, Estudios sobre fiscalidad de la energ\u00eda y desarrollo sostenible.<\/div><\/div><\/div><\/div><\/div><\/div><\/div><\/div><\/div><!-- cell_inner --><\/div><!-- cell --><\/div><!-- port --><\/section><section id=\"bt_bb_section69f49085a55b9\" class=\"bt_bb_section bt_bb_color_scheme_12 bt_bb_layout_boxed_1400 bt_bb_vertical_align_middle bt_bb_top_spacing_large bt_bb_bottom_spacing_large\" style=\"; --section-primary-color:#181818; --section-secondary-color:#efefef;\" data-bt-override-class=\"null\"><div class=\"bt_bb_port\"><div class=\"bt_bb_cell\"><div class=\"bt_bb_cell_inner\"><div class=\"bt_bb_row  bt_bb_column_gap_50\" style=\"; --column-gap:50px;\" data-bt-override-class=\"{}\"><div class=\"bt_bb_row_holder\" ><div  class=\"bt_bb_column col-xxl-4 col-xl-4 bt_bb_vertical_align_middle bt_bb_align_left bt_bb_padding_normal bt_bb_animation_fade_in animate\" style=\"; --column-width:4;\" data-width=\"4\" data-bt-override-class=\"{}\"><div class=\"bt_bb_column_content\"><div class=\"bt_bb_column_content_inner\"><div class=\"bt_bb_service service_tittle bt_bb_style_borderless bt_bb_size_small bt_bb_shape_circle bt_bb_target_self bt_bb_align_inherit\" data-bt-override-class=\"{&quot;bt_bb_size_&quot;:{&quot;current_class&quot;:&quot;bt_bb_size_small&quot;,&quot;def&quot;:&quot;small&quot;,&quot;xl&quot;:&quot;small&quot;},&quot;bt_bb_align_&quot;:{&quot;current_class&quot;:&quot;bt_bb_align_inherit&quot;,&quot;def&quot;:&quot;inherit&quot;,&quot;xl&quot;:&quot;inherit&quot;}}\"><span  data-ico-fontawesome=\"&#xf0e3;\" class=\"bt_bb_icon_holder\"><\/span><div class=\"bt_bb_service_content\"><div class=\"bt_bb_service_content_title\">Preliminary consultancy in regulatory production<\/div><\/div><\/div><\/div><\/div><\/div><div  class=\"bt_bb_column col-xxl-8 col-xl-8 bt_bb_vertical_align_top bt_bb_align_left bt_bb_padding_normal bt_bb_animation_fade_in animate\" style=\"border-left: 1px solid #ccc;; --column-width:8;\" data-width=\"8\" data-bt-override-class=\"{}\"><div class=\"bt_bb_column_content\"><div class=\"bt_bb_column_content_inner\"><div  class=\"bt_bb_text\" ><\/p>\n<p style=\"text-align: justify;\">The members of the firm have extensive knowledge of tax law and have participated in various commissions to reform it, both in Spain, at the proposal of the Ministry of Finance (General Tax Law, environmental taxation, for the reform of taxation of the self-employed and the tax regime for professional societies), and in the rest of the world (Algeria, Bolivia, Cape Verde, Ecuador, Mozambique, Paraguay, Peru and Romania).<\/p>\n<p style=\"text-align: justify;\">Likewise, in other international advisory projects related to the subject (Draft General Tax Law of Bolivia and White Paper for the Reform of the Tax Code of Ecuador).<\/p>\n<p>\n<\/div><\/div><\/div><\/div><\/div><\/div><\/div><!-- cell_inner --><\/div><!-- cell --><\/div><!-- port --><\/section><section id=\"bt_bb_section69f49085a5a67\" class=\"bt_bb_section bt_bb_color_scheme_2 bt_bb_layout_boxed_1400 bt_bb_vertical_align_middle bt_bb_top_spacing_large bt_bb_bottom_spacing_large\" style=\"; --section-primary-color:#191919; --section-secondary-color:#ffffff;;background-color:#ffffff;\" data-bt-override-class=\"null\"><div class=\"bt_bb_port\"><div class=\"bt_bb_cell\"><div class=\"bt_bb_cell_inner\"><div class=\"bt_bb_row  bt_bb_column_gap_50\" style=\"; --column-gap:50px;\" data-bt-override-class=\"{}\"><div class=\"bt_bb_row_holder\" ><div  class=\"bt_bb_column col-xxl-4 col-xl-4 bt_bb_vertical_align_middle bt_bb_align_left bt_bb_padding_normal bt_bb_animation_fade_in animate\" style=\"; --column-width:4;\" data-width=\"4\" data-bt-override-class=\"{}\"><div class=\"bt_bb_column_content\"><div class=\"bt_bb_column_content_inner\"><div class=\"bt_bb_service service_tittle bt_bb_style_borderless bt_bb_size_small bt_bb_shape_circle bt_bb_target_self bt_bb_align_inherit\" data-bt-override-class=\"{&quot;bt_bb_size_&quot;:{&quot;current_class&quot;:&quot;bt_bb_size_small&quot;,&quot;def&quot;:&quot;small&quot;,&quot;xl&quot;:&quot;small&quot;},&quot;bt_bb_align_&quot;:{&quot;current_class&quot;:&quot;bt_bb_align_inherit&quot;,&quot;def&quot;:&quot;inherit&quot;,&quot;xl&quot;:&quot;inherit&quot;}}\"><span  data-ico-fontawesome=\"&#xf0e3;\" class=\"bt_bb_icon_holder\"><\/span><div class=\"bt_bb_service_content\"><div class=\"bt_bb_service_content_title\"> Fixation of utility rates<\/div><\/div><\/div><div class=\"bt_bb_separator bt_bb_border_style_none bt_bb_top_spacing_normal\" data-bt-override-class=\"null\"><\/div><div  class=\"bt_bb_text\" ><\/p>\n<p style=\"text-align: justify;\">One of the key pieces of the public income system in Spain is made up of the benefits paid by citizens for the performance of public activities and for which non-tax public property rates and benefits are demanded.<\/p>\n<p style=\"text-align: justify;\">The law firm, from the work at the University of some of its professionals, has collaborated both in the assertive construction of these figures and in their practical implementation (Autonomous Community of Madrid and multiple City Councils, as well as the Managing Partner of Tax Practice was spokesperson of the Commission for the determination of the cost of municipal services of the Secretary of State for Public Administrations).<\/p>\n<p>\n<\/div><\/div><\/div><\/div><div  class=\"bt_bb_column col-xxl-8 col-xl-8 bt_bb_vertical_align_top bt_bb_align_left bt_bb_padding_normal bt_bb_animation_fade_in animate\" style=\"border-left: 1px solid #ccc;; --column-width:8;\" data-width=\"8\" data-bt-override-class=\"{}\"><div class=\"bt_bb_column_content\"><div class=\"bt_bb_column_content_inner\"><header class=\"bt_bb_headline bt_bb_font_weight_normal bt_bb_dash_none bt_bb_size_small bt_bb_align_inherit\" data-bt-override-class=\"{&quot;bt_bb_size_&quot;:{&quot;current_class&quot;:&quot;bt_bb_size_small&quot;,&quot;def&quot;:&quot;small&quot;,&quot;xl&quot;:&quot;small&quot;},&quot;bt_bb_align_&quot;:{&quot;current_class&quot;:&quot;bt_bb_align_inherit&quot;,&quot;def&quot;:&quot;inherit&quot;,&quot;xl&quot;:&quot;inherit&quot;}}\"><h2 class=\"bt_bb_headline_tag\"><span class=\"bt_bb_headline_content\"><span>Featured Posts:<\/span><\/span><\/h2><\/header><div class=\"bt_bb_separator bt_bb_border_style_none bt_bb_top_spacing_normal\" data-bt-override-class=\"null\"><\/div><div class=\"bt_bb_service bt_bb_style_borderless bt_bb_size_small bt_bb_shape_square bt_bb_target_self bt_bb_align_inherit\" data-bt-override-class=\"{}\"><span  data-ico-essential=\"&#xe9d5;\" class=\"bt_bb_icon_holder\"><\/span><div class=\"bt_bb_service_content\"><div class=\"bt_bb_service_content_title\">2013 - Marcial Pons<\/div><div class=\"bt_bb_service_content_text\">Tasas y precios en la Hacienda local.<\/div><\/div><\/div><div class=\"bt_bb_separator bt_bb_border_style_none bt_bb_top_spacing_normal\" data-bt-override-class=\"null\"><\/div><div class=\"bt_bb_service bt_bb_style_borderless bt_bb_size_small bt_bb_shape_square bt_bb_target_self bt_bb_align_inherit\" data-bt-override-class=\"{}\"><span  data-ico-essential=\"&#xe9d5;\" class=\"bt_bb_icon_holder\"><\/span><div class=\"bt_bb_service_content\"><div class=\"bt_bb_service_content_title\">2010 - Quincena Fiscal, n\u00fam. 14<\/div><div class=\"bt_bb_service_content_text\">Algunas reflexiones sobre el hecho imponible de las tasas locales.<\/div><\/div><\/div><div class=\"bt_bb_separator bt_bb_border_style_none bt_bb_top_spacing_normal\" data-bt-override-class=\"null\"><\/div><div class=\"bt_bb_service bt_bb_style_borderless bt_bb_size_small bt_bb_shape_square bt_bb_target_self bt_bb_align_inherit\" data-bt-override-class=\"{}\"><span  data-ico-essential=\"&#xe9d5;\" class=\"bt_bb_icon_holder\"><\/span><div class=\"bt_bb_service_content\"><div class=\"bt_bb_service_content_title\">2005 - Lex Nova<\/div><div class=\"bt_bb_service_content_text\">Tasas y precios p\u00fablicos a la luz de la nueva Ley General Tributaria, Estudios de Derecho Financiero y Tributario I.<\/div><\/div><\/div><div class=\"bt_bb_separator bt_bb_border_style_none bt_bb_top_spacing_normal\" data-bt-override-class=\"null\"><\/div><div class=\"bt_bb_service bt_bb_style_borderless bt_bb_size_small bt_bb_shape_square bt_bb_target_self bt_bb_align_inherit\" data-bt-override-class=\"{}\"><span  data-ico-essential=\"&#xe9d5;\" class=\"bt_bb_icon_holder\"><\/span><div class=\"bt_bb_service_content\"><div class=\"bt_bb_service_content_title\">2004 - Edersa<\/div><div class=\"bt_bb_service_content_text\">Comentarios a la Ley de Tasas y Precios P\u00fablicos.<\/div><\/div><\/div><div class=\"bt_bb_separator bt_bb_border_style_none bt_bb_top_spacing_normal\" data-bt-override-class=\"null\"><\/div><div class=\"bt_bb_service bt_bb_style_borderless bt_bb_size_small bt_bb_shape_square bt_bb_target_self bt_bb_align_inherit\" data-bt-override-class=\"{&quot;bt_bb_size_&quot;:{&quot;current_class&quot;:&quot;bt_bb_size_small&quot;,&quot;def&quot;:&quot;small&quot;,&quot;xl&quot;:&quot;small&quot;},&quot;bt_bb_align_&quot;:{&quot;current_class&quot;:&quot;bt_bb_align_inherit&quot;,&quot;def&quot;:&quot;inherit&quot;,&quot;xl&quot;:&quot;inherit&quot;}}\"><span  data-ico-essential=\"&#xe9d5;\" class=\"bt_bb_icon_holder\"><\/span><div class=\"bt_bb_service_content\"><div class=\"bt_bb_service_content_title\">1997- Revista de Derecho Financiero y de Hacienda P\u00fablica., n\u00fam. 244<\/div><div class=\"bt_bb_service_content_text\">Los precios p\u00fablicos y el principio de reserva de ley desde una perspectiva constitucional\", <\/div><\/div><\/div><div class=\"bt_bb_separator bt_bb_border_style_none bt_bb_top_spacing_normal\" data-bt-override-class=\"null\"><\/div><div class=\"bt_bb_accordion bt_bb_style_outline bt_bb_shape_square\" data-closed=closed><div class=\"bt_bb_accordion_item\"><div class=\"bt_bb_accordion_item_title\">More posts<\/div><div class=\"bt_bb_accordion_item_content\"><div class=\"bt_bb_service bt_bb_style_borderless bt_bb_size_small bt_bb_shape_square bt_bb_target_self bt_bb_align_inherit\" data-bt-override-class=\"{&quot;bt_bb_size_&quot;:{&quot;current_class&quot;:&quot;bt_bb_size_small&quot;,&quot;def&quot;:&quot;small&quot;,&quot;xl&quot;:&quot;small&quot;},&quot;bt_bb_align_&quot;:{&quot;current_class&quot;:&quot;bt_bb_align_inherit&quot;,&quot;def&quot;:&quot;inherit&quot;,&quot;xl&quot;:&quot;inherit&quot;}}\"><span  data-ico-essential=\"&#xe9d5;\" class=\"bt_bb_icon_holder\"><\/span><div class=\"bt_bb_service_content\"><div class=\"bt_bb_service_content_title\">1996- Jurisprudencia Tributaria, n\u00fam. 77<\/div><div class=\"bt_bb_service_content_text\">Los precios p\u00fablicos y la Sentencia del Tribunal Constitucional 185\/1995, de 14 de diciembre. <\/div><\/div><\/div><div class=\"bt_bb_separator bt_bb_border_style_none bt_bb_top_spacing_normal\" data-bt-override-class=\"null\"><\/div><div class=\"bt_bb_service bt_bb_style_borderless bt_bb_size_small bt_bb_shape_square bt_bb_target_self bt_bb_align_inherit\" data-bt-override-class=\"{}\"><span  data-ico-essential=\"&#xe9d5;\" class=\"bt_bb_icon_holder\"><\/span><div class=\"bt_bb_service_content\"><div class=\"bt_bb_service_content_title\">1995 - IEF\/Marcial Pons<\/div><div class=\"bt_bb_service_content_text\">Tasas y precios p\u00fablicos en el Derecho espa\u00f1ol.<\/div><\/div><\/div><div class=\"bt_bb_separator bt_bb_border_style_none bt_bb_top_spacing_normal\" data-bt-override-class=\"null\"><\/div><div class=\"bt_bb_service bt_bb_style_borderless bt_bb_size_small bt_bb_shape_square bt_bb_target_self bt_bb_align_inherit\" data-bt-override-class=\"{&quot;bt_bb_size_&quot;:{&quot;current_class&quot;:&quot;bt_bb_size_small&quot;,&quot;def&quot;:&quot;small&quot;,&quot;xl&quot;:&quot;small&quot;},&quot;bt_bb_align_&quot;:{&quot;current_class&quot;:&quot;bt_bb_align_inherit&quot;,&quot;def&quot;:&quot;inherit&quot;,&quot;xl&quot;:&quot;inherit&quot;}}\"><span  data-ico-essential=\"&#xe9d5;\" class=\"bt_bb_icon_holder\"><\/span><div class=\"bt_bb_service_content\"><div class=\"bt_bb_service_content_title\">1991- IEF\/Marcial Pons<\/div><div class=\"bt_bb_service_content_text\">La incidencia del principio de capacidad econ\u00f3mica en las tasas y precios p\u00fablicos, Tasas y precios p\u00fablicos en el ordenamiento jur\u00eddico espa\u00f1ol<\/div><\/div><\/div><\/div><\/div><\/div><\/div><\/div><\/div><\/div><\/div><\/div><!-- cell_inner --><\/div><!-- cell --><\/div><!-- port --><\/section><section id=\"bt_bb_section69f49085a6c1c\" class=\"bt_bb_section bt_bb_color_scheme_12 bt_bb_layout_boxed_1400 bt_bb_vertical_align_middle bt_bb_top_spacing_large bt_bb_bottom_spacing_large\" style=\"; --section-primary-color:#181818; --section-secondary-color:#efefef;\" data-bt-override-class=\"null\"><div class=\"bt_bb_port\"><div class=\"bt_bb_cell\"><div class=\"bt_bb_cell_inner\"><div class=\"bt_bb_row  bt_bb_column_gap_50\" style=\"; --column-gap:50px;\" data-bt-override-class=\"{}\"><div class=\"bt_bb_row_holder\" ><div  class=\"bt_bb_column col-xxl-4 col-xl-4 bt_bb_vertical_align_middle bt_bb_align_left bt_bb_padding_normal bt_bb_animation_fade_in animate\" style=\"; --column-width:4;\" data-width=\"4\" data-bt-override-class=\"{}\"><div class=\"bt_bb_column_content\"><div class=\"bt_bb_column_content_inner\"><div class=\"bt_bb_service service_tittle bt_bb_style_borderless bt_bb_size_small bt_bb_shape_circle bt_bb_target_self bt_bb_align_inherit\" data-bt-override-class=\"{&quot;bt_bb_size_&quot;:{&quot;current_class&quot;:&quot;bt_bb_size_small&quot;,&quot;def&quot;:&quot;small&quot;,&quot;xl&quot;:&quot;small&quot;},&quot;bt_bb_align_&quot;:{&quot;current_class&quot;:&quot;bt_bb_align_inherit&quot;,&quot;def&quot;:&quot;inherit&quot;,&quot;xl&quot;:&quot;inherit&quot;}}\"><span  data-ico-fontawesome=\"&#xf0e3;\" class=\"bt_bb_icon_holder\"><\/span><div class=\"bt_bb_service_content\"><div class=\"bt_bb_service_content_title\">Regional and local financing<\/div><\/div><\/div><div class=\"bt_bb_separator bt_bb_border_style_none bt_bb_top_spacing_normal\" data-bt-override-class=\"null\"><\/div><div  class=\"bt_bb_text\" ><\/p>\n<p style=\"text-align: justify;\">The members of the firm have taken part in expert commissions for the follwing reforms of regional and local financing established by the Ministry of Finance, as well as advised Autonomous Communities and Local Entities, due to their experience in this field.)<\/p>\n<p>\n<\/div><\/div><\/div><\/div><div  class=\"bt_bb_column col-xxl-8 col-xl-8 bt_bb_vertical_align_top bt_bb_align_left bt_bb_padding_normal bt_bb_animation_fade_in animate\" style=\"border-left: 1px solid #ccc;; --column-width:8;\" data-width=\"8\" data-bt-override-class=\"{}\"><div class=\"bt_bb_column_content\"><div class=\"bt_bb_column_content_inner\"><header class=\"bt_bb_headline bt_bb_font_weight_normal bt_bb_dash_none bt_bb_size_small bt_bb_align_inherit\" data-bt-override-class=\"{&quot;bt_bb_size_&quot;:{&quot;current_class&quot;:&quot;bt_bb_size_small&quot;,&quot;def&quot;:&quot;small&quot;,&quot;xl&quot;:&quot;small&quot;},&quot;bt_bb_align_&quot;:{&quot;current_class&quot;:&quot;bt_bb_align_inherit&quot;,&quot;def&quot;:&quot;inherit&quot;,&quot;xl&quot;:&quot;inherit&quot;}}\"><h2 class=\"bt_bb_headline_tag\"><span class=\"bt_bb_headline_content\"><span>Featured Posts:<\/span><\/span><\/h2><\/header><div class=\"bt_bb_separator bt_bb_border_style_none bt_bb_top_spacing_normal\" data-bt-override-class=\"null\"><\/div><div class=\"bt_bb_service bt_bb_style_borderless bt_bb_size_small bt_bb_shape_square bt_bb_target_self bt_bb_align_inherit\" data-bt-override-class=\"{}\"><span  data-ico-essential=\"&#xe9d5;\" class=\"bt_bb_icon_holder\"><\/span><div class=\"bt_bb_service_content\"><div class=\"bt_bb_service_content_title\">2014 - Tirant Lo Blanch<\/div><div class=\"bt_bb_service_content_text\">Aspectos financieros de la reforma local.<\/div><\/div><\/div><div class=\"bt_bb_separator bt_bb_border_style_none bt_bb_top_spacing_normal\" data-bt-override-class=\"null\"><\/div><div class=\"bt_bb_service bt_bb_style_borderless bt_bb_size_small bt_bb_shape_square bt_bb_target_self bt_bb_align_inherit\" data-bt-override-class=\"{&quot;bt_bb_size_&quot;:{&quot;current_class&quot;:&quot;bt_bb_size_small&quot;,&quot;def&quot;:&quot;small&quot;,&quot;xl&quot;:&quot;small&quot;},&quot;bt_bb_align_&quot;:{&quot;current_class&quot;:&quot;bt_bb_align_inherit&quot;,&quot;def&quot;:&quot;inherit&quot;,&quot;xl&quot;:&quot;inherit&quot;}}\"><span  data-ico-essential=\"&#xe9d5;\" class=\"bt_bb_icon_holder\"><\/span><div class=\"bt_bb_service_content\"><div class=\"bt_bb_service_content_title\">2012 - Cuadernos Manuel Gim\u00e9nez Abad<\/div><div class=\"bt_bb_service_content_text\">Notas para una racionalizaci\u00f3n competencial en el nivel local.<\/div><\/div><\/div><div class=\"bt_bb_separator bt_bb_border_style_none bt_bb_top_spacing_normal\" data-bt-override-class=\"null\"><\/div><div class=\"bt_bb_service bt_bb_style_borderless bt_bb_size_small bt_bb_shape_square bt_bb_target_self bt_bb_align_inherit\" data-bt-override-class=\"{&quot;bt_bb_size_&quot;:{&quot;current_class&quot;:&quot;bt_bb_size_small&quot;,&quot;def&quot;:&quot;small&quot;,&quot;xl&quot;:&quot;small&quot;},&quot;bt_bb_align_&quot;:{&quot;current_class&quot;:&quot;bt_bb_align_inherit&quot;,&quot;def&quot;:&quot;inherit&quot;,&quot;xl&quot;:&quot;inherit&quot;}}\"><span  data-ico-essential=\"&#xe9d5;\" class=\"bt_bb_icon_holder\"><\/span><div class=\"bt_bb_service_content\"><div class=\"bt_bb_service_content_title\">2010 - Cr\u00f3nica Tributaria, n\u00fam. 1<\/div><div class=\"bt_bb_service_content_text\">Propuestas para una reforma de los tributos locales<\/div><\/div><\/div><div class=\"bt_bb_separator bt_bb_border_style_none bt_bb_top_spacing_normal\" data-bt-override-class=\"null\"><\/div><div class=\"bt_bb_service bt_bb_style_borderless bt_bb_size_small bt_bb_shape_square bt_bb_target_self bt_bb_align_inherit\" data-bt-override-class=\"{&quot;bt_bb_size_&quot;:{&quot;current_class&quot;:&quot;bt_bb_size_small&quot;,&quot;def&quot;:&quot;small&quot;,&quot;xl&quot;:&quot;small&quot;},&quot;bt_bb_align_&quot;:{&quot;current_class&quot;:&quot;bt_bb_align_inherit&quot;,&quot;def&quot;:&quot;inherit&quot;,&quot;xl&quot;:&quot;inherit&quot;}}\"><span  data-ico-essential=\"&#xe9d5;\" class=\"bt_bb_icon_holder\"><\/span><div class=\"bt_bb_service_content\"><div class=\"bt_bb_service_content_title\">2008 -Papeles de Econom\u00eda Espa\u00f1ola<\/div><div class=\"bt_bb_service_content_text\">Las haciendas locales: Esas grandes olvidadas<\/div><\/div><\/div><div class=\"bt_bb_separator bt_bb_border_style_none bt_bb_top_spacing_normal\" data-bt-override-class=\"null\"><\/div><div class=\"bt_bb_service bt_bb_style_borderless bt_bb_size_small bt_bb_shape_square bt_bb_target_self bt_bb_align_inherit\" data-bt-override-class=\"{}\"><span  data-ico-essential=\"&#xe9d5;\" class=\"bt_bb_icon_holder\"><\/span><div class=\"bt_bb_service_content\"><div class=\"bt_bb_service_content_title\">2008 - Marcial Pons<\/div><div class=\"bt_bb_service_content_text\">Aspectos controvertidos en el futuro sistema de financiaci\u00f3n auton\u00f3mica, La financiaci\u00f3n auton\u00f3mica en los estatutos de autonom\u00eda.<\/div><\/div><\/div><div class=\"bt_bb_separator bt_bb_border_style_none bt_bb_top_spacing_normal\" data-bt-override-class=\"null\"><\/div><div class=\"bt_bb_accordion bt_bb_style_outline bt_bb_shape_square\" data-closed=closed><div class=\"bt_bb_accordion_item\"><div class=\"bt_bb_accordion_item_title\">More posts<\/div><div class=\"bt_bb_accordion_item_content\"><div class=\"bt_bb_service bt_bb_style_borderless bt_bb_size_small bt_bb_shape_square bt_bb_target_self bt_bb_align_inherit\" data-bt-override-class=\"{}\"><span  data-ico-essential=\"&#xe9d5;\" class=\"bt_bb_icon_holder\"><\/span><div class=\"bt_bb_service_content\"><div class=\"bt_bb_service_content_title\">2007 - FEMP<\/div><div class=\"bt_bb_service_content_text\">Informe para la reforma de los tributos locales.<\/div><\/div><\/div><div class=\"bt_bb_separator bt_bb_border_style_none bt_bb_top_spacing_normal\" data-bt-override-class=\"null\"><\/div><div class=\"bt_bb_separator bt_bb_border_style_none bt_bb_top_spacing_normal\" data-bt-override-class=\"null\"><\/div><div class=\"bt_bb_service bt_bb_style_borderless bt_bb_size_small bt_bb_shape_square bt_bb_target_self bt_bb_align_inherit\" data-bt-override-class=\"{&quot;bt_bb_size_&quot;:{&quot;current_class&quot;:&quot;bt_bb_size_small&quot;,&quot;def&quot;:&quot;small&quot;,&quot;xl&quot;:&quot;small&quot;},&quot;bt_bb_align_&quot;:{&quot;current_class&quot;:&quot;bt_bb_align_inherit&quot;,&quot;def&quot;:&quot;inherit&quot;,&quot;xl&quot;:&quot;inherit&quot;}}\"><span  data-ico-essential=\"&#xe9d5;\" class=\"bt_bb_icon_holder\"><\/span><div class=\"bt_bb_service_content\"><div class=\"bt_bb_service_content_title\">2007 - Informe para la reforma de los tributos locales\u201d, FEMP<\/div><div class=\"bt_bb_service_content_text\">El Nuevo Modelo de la Financiaci\u00f3n Auton\u00f3mica en las Haciendas Locales en Catalu\u00f1a.<\/div><\/div><\/div><div class=\"bt_bb_service bt_bb_style_borderless bt_bb_size_small bt_bb_shape_square bt_bb_target_self bt_bb_align_inherit\" data-bt-override-class=\"{&quot;bt_bb_size_&quot;:{&quot;current_class&quot;:&quot;bt_bb_size_small&quot;,&quot;def&quot;:&quot;small&quot;,&quot;xl&quot;:&quot;small&quot;},&quot;bt_bb_align_&quot;:{&quot;current_class&quot;:&quot;bt_bb_align_inherit&quot;,&quot;def&quot;:&quot;inherit&quot;,&quot;xl&quot;:&quot;inherit&quot;}}\"><span  data-ico-essential=\"&#xe9d5;\" class=\"bt_bb_icon_holder\"><\/span><div class=\"bt_bb_service_content\"><div class=\"bt_bb_service_content_title\">2003 - IEF<\/div><div class=\"bt_bb_service_content_text\">El establecimiento de nuevos impuestos sobre consumos espec\u00edficos como instrumento de financiaci\u00f3n de las Comunidades Aut\u00f3nomas, Estudios Jur\u00eddicos sobre la reforma del sistema de financiaci\u00f3n auton\u00f3mica<\/div><\/div><\/div><div class=\"bt_bb_separator bt_bb_border_style_none bt_bb_top_spacing_normal\" data-bt-override-class=\"null\"><\/div><div class=\"bt_bb_service bt_bb_style_borderless bt_bb_size_small bt_bb_shape_square bt_bb_target_self bt_bb_align_inherit\" data-bt-override-class=\"{&quot;bt_bb_size_&quot;:{&quot;current_class&quot;:&quot;bt_bb_size_small&quot;,&quot;def&quot;:&quot;small&quot;,&quot;xl&quot;:&quot;small&quot;},&quot;bt_bb_align_&quot;:{&quot;current_class&quot;:&quot;bt_bb_align_inherit&quot;,&quot;def&quot;:&quot;inherit&quot;,&quot;xl&quot;:&quot;inherit&quot;}}\"><span  data-ico-essential=\"&#xe9d5;\" class=\"bt_bb_icon_holder\"><\/span><div class=\"bt_bb_service_content\"><div class=\"bt_bb_service_content_title\">2000 - INAP<\/div><div class=\"bt_bb_service_content_text\">Los sistemas espa\u00f1ol y alem\u00e1n de financiaci\u00f3n territorial: un an\u00e1lisis comparativo y El Sistema de financiaci\u00f3n territorial en los modelos de estado espa\u00f1ol y alem\u00e1n.<\/div><\/div><\/div><div class=\"bt_bb_separator bt_bb_border_style_none bt_bb_top_spacing_normal\" data-bt-override-class=\"null\"><\/div><div class=\"bt_bb_service bt_bb_style_borderless bt_bb_size_small bt_bb_shape_square bt_bb_target_self bt_bb_align_inherit\" data-bt-override-class=\"{&quot;bt_bb_size_&quot;:{&quot;current_class&quot;:&quot;bt_bb_size_small&quot;,&quot;def&quot;:&quot;small&quot;,&quot;xl&quot;:&quot;small&quot;},&quot;bt_bb_align_&quot;:{&quot;current_class&quot;:&quot;bt_bb_align_inherit&quot;,&quot;def&quot;:&quot;inherit&quot;,&quot;xl&quot;:&quot;inherit&quot;}}\"><span  data-ico-essential=\"&#xe9d5;\" class=\"bt_bb_icon_holder\"><\/span><div class=\"bt_bb_service_content\"><div class=\"bt_bb_service_content_title\">2002 - Estudios Financieros, n\u00fam. 228<\/div><div class=\"bt_bb_service_content_text\">El nuevo sistema de financiaci\u00f3n auton\u00f3mica<\/div><\/div><\/div><div class=\"bt_bb_separator bt_bb_border_style_none bt_bb_top_spacing_normal\" data-bt-override-class=\"null\"><\/div><div class=\"bt_bb_service bt_bb_style_borderless bt_bb_size_small bt_bb_shape_square bt_bb_target_self bt_bb_align_inherit\" data-bt-override-class=\"{&quot;bt_bb_size_&quot;:{&quot;current_class&quot;:&quot;bt_bb_size_small&quot;,&quot;def&quot;:&quot;small&quot;,&quot;xl&quot;:&quot;small&quot;},&quot;bt_bb_align_&quot;:{&quot;current_class&quot;:&quot;bt_bb_align_inherit&quot;,&quot;def&quot;:&quot;inherit&quot;,&quot;xl&quot;:&quot;inherit&quot;}}\"><span  data-ico-essential=\"&#xe9d5;\" class=\"bt_bb_icon_holder\"><\/span><div class=\"bt_bb_service_content\"><div class=\"bt_bb_service_content_title\">1999 - MAP<\/div><div class=\"bt_bb_service_content_text\">La corresponsabilidad fiscal\", El funcionamiento del Estado Auton\u00f3mico<\/div><\/div><\/div><div class=\"bt_bb_separator bt_bb_border_style_none bt_bb_top_spacing_normal\" data-bt-override-class=\"null\"><\/div><div class=\"bt_bb_service bt_bb_style_borderless bt_bb_size_small bt_bb_shape_square bt_bb_target_self bt_bb_align_inherit\" data-bt-override-class=\"{&quot;bt_bb_size_&quot;:{&quot;current_class&quot;:&quot;bt_bb_size_small&quot;,&quot;def&quot;:&quot;small&quot;,&quot;xl&quot;:&quot;small&quot;},&quot;bt_bb_align_&quot;:{&quot;current_class&quot;:&quot;bt_bb_align_inherit&quot;,&quot;def&quot;:&quot;inherit&quot;,&quot;xl&quot;:&quot;inherit&quot;}}\"><span  data-ico-essential=\"&#xe9d5;\" class=\"bt_bb_icon_holder\"><\/span><div class=\"bt_bb_service_content\"><div class=\"bt_bb_service_content_title\">2000 - GESTRISAM<\/div><div class=\"bt_bb_service_content_text\">Principios aplicables de la financiaci\u00f3n local (especial referencia a las tasas locales)<\/div><\/div><\/div><div class=\"bt_bb_separator bt_bb_border_style_none bt_bb_top_spacing_normal\" data-bt-override-class=\"null\"><\/div><div class=\"bt_bb_service bt_bb_style_borderless bt_bb_size_small bt_bb_shape_square bt_bb_target_self bt_bb_align_inherit\" data-bt-override-class=\"{&quot;bt_bb_size_&quot;:{&quot;current_class&quot;:&quot;bt_bb_size_small&quot;,&quot;def&quot;:&quot;small&quot;,&quot;xl&quot;:&quot;small&quot;},&quot;bt_bb_align_&quot;:{&quot;current_class&quot;:&quot;bt_bb_align_inherit&quot;,&quot;def&quot;:&quot;inherit&quot;,&quot;xl&quot;:&quot;inherit&quot;}}\"><span  data-ico-essential=\"&#xe9d5;\" class=\"bt_bb_icon_holder\"><\/span><div class=\"bt_bb_service_content\"><div class=\"bt_bb_service_content_title\">1997- 2001<\/div><div class=\"bt_bb_service_content_text\">\"An\u00e1lisis de los principios definitorios del sistema de financiaci\u00f3n auton\u00f3mica: evoluci\u00f3n del modelo. Las singularidades del Pa\u00eds Vasco y Navarra\" y \"El acuerdo de financiaci\u00f3n auton\u00f3mica para el quinquenio\" <\/div><\/div><\/div><\/div><\/div><\/div><\/div><\/div><\/div><\/div><\/div><\/div><!-- cell_inner --><\/div><!-- cell --><\/div><!-- port --><\/section><section id=\"bt_bb_section69f49085a84ad\" class=\"bt_bb_section bt_bb_color_scheme_2 bt_bb_layout_boxed_1400 bt_bb_vertical_align_middle bt_bb_top_spacing_large bt_bb_bottom_spacing_large\" style=\"; --section-primary-color:#191919; --section-secondary-color:#ffffff;;background-color:#ffffff;\" data-bt-override-class=\"null\"><div class=\"bt_bb_port\"><div class=\"bt_bb_cell\"><div class=\"bt_bb_cell_inner\"><div class=\"bt_bb_row  bt_bb_column_gap_50\" style=\"; --column-gap:50px;\" data-bt-override-class=\"{}\"><div class=\"bt_bb_row_holder\" ><div  class=\"bt_bb_column col-xxl-4 col-xl-4 bt_bb_vertical_align_middle bt_bb_align_left bt_bb_padding_normal bt_bb_animation_fade_in animate\" style=\"; --column-width:4;\" data-width=\"4\" data-bt-override-class=\"{}\"><div class=\"bt_bb_column_content\"><div class=\"bt_bb_column_content_inner\"><div class=\"bt_bb_service service_tittle bt_bb_style_borderless bt_bb_size_small bt_bb_shape_circle bt_bb_target_self bt_bb_align_inherit\" data-bt-override-class=\"{&quot;bt_bb_size_&quot;:{&quot;current_class&quot;:&quot;bt_bb_size_small&quot;,&quot;def&quot;:&quot;small&quot;,&quot;xl&quot;:&quot;small&quot;},&quot;bt_bb_align_&quot;:{&quot;current_class&quot;:&quot;bt_bb_align_inherit&quot;,&quot;def&quot;:&quot;inherit&quot;,&quot;xl&quot;:&quot;inherit&quot;}}\"><span  data-ico-fontawesome=\"&#xf0e3;\" class=\"bt_bb_icon_holder\"><\/span><div class=\"bt_bb_service_content\"><div class=\"bt_bb_service_content_title\">Financing of public infrastructure<\/div><\/div><\/div><div class=\"bt_bb_separator bt_bb_border_style_none bt_bb_top_spacing_normal\" data-bt-override-class=\"null\"><\/div><div  class=\"bt_bb_text\" ><\/p>\n<p style=\"text-align: justify;\">The firm has pioneered the analysis and implementation of infrastructure financing models through public-private partnerships.<\/p>\n<p>\n<\/div><\/div><\/div><\/div><div  class=\"bt_bb_column col-xxl-8 col-xl-8 bt_bb_vertical_align_top bt_bb_align_left bt_bb_padding_normal bt_bb_animation_fade_in animate\" style=\"border-left: 1px solid #ccc;; --column-width:8;\" data-width=\"8\" data-bt-override-class=\"{}\"><div class=\"bt_bb_column_content\"><div class=\"bt_bb_column_content_inner\"><header class=\"bt_bb_headline bt_bb_font_weight_normal bt_bb_dash_none bt_bb_size_small bt_bb_align_inherit\" data-bt-override-class=\"{&quot;bt_bb_size_&quot;:{&quot;current_class&quot;:&quot;bt_bb_size_small&quot;,&quot;def&quot;:&quot;small&quot;,&quot;xl&quot;:&quot;small&quot;},&quot;bt_bb_align_&quot;:{&quot;current_class&quot;:&quot;bt_bb_align_inherit&quot;,&quot;def&quot;:&quot;inherit&quot;,&quot;xl&quot;:&quot;inherit&quot;}}\"><h2 class=\"bt_bb_headline_tag\"><span class=\"bt_bb_headline_content\"><span>Featured Posts:<\/span><\/span><\/h2><\/header><div class=\"bt_bb_separator bt_bb_border_style_none bt_bb_top_spacing_normal\" data-bt-override-class=\"null\"><\/div><div class=\"bt_bb_service bt_bb_style_borderless bt_bb_size_small bt_bb_shape_square bt_bb_target_self bt_bb_align_inherit\" data-bt-override-class=\"{}\"><span  data-ico-essential=\"&#xe9d5;\" class=\"bt_bb_icon_holder\"><\/span><div class=\"bt_bb_service_content\"><div class=\"bt_bb_service_content_title\">2008 - Revista Espa\u00f1ola de Control Externo<\/div><div class=\"bt_bb_service_content_text\">Los sistemas de colaboraci\u00f3n p\u00fablico-privada para la provisi\u00f3n de bienes y servicios p\u00fablicos. Su incidencia en el sistema de ingresos p\u00fablicos.<\/div><\/div><\/div><div class=\"bt_bb_separator bt_bb_border_style_none bt_bb_top_spacing_normal\" data-bt-override-class=\"null\"><\/div><div class=\"bt_bb_service bt_bb_style_borderless bt_bb_size_small bt_bb_shape_square bt_bb_target_self bt_bb_align_inherit\" data-bt-override-class=\"{}\"><span  data-ico-essential=\"&#xe9d5;\" class=\"bt_bb_icon_holder\"><\/span><div class=\"bt_bb_service_content\"><div class=\"bt_bb_service_content_title\">2008 - IEF, Madrid<\/div><div class=\"bt_bb_service_content_text\">Financiaci\u00f3n de infraestructuras y cr\u00e9dito p\u00fablico local, El ordenamiento espa\u00f1ol y las nuevas f\u00f3rmulas de financiaci\u00f3n de infraestructuras p\u00fablicas.<\/div><\/div><\/div><div class=\"bt_bb_separator bt_bb_border_style_none bt_bb_top_spacing_normal\" data-bt-override-class=\"null\"><\/div><div class=\"bt_bb_service bt_bb_style_borderless bt_bb_size_small bt_bb_shape_square bt_bb_target_self bt_bb_align_inherit\" data-bt-override-class=\"{&quot;bt_bb_size_&quot;:{&quot;current_class&quot;:&quot;bt_bb_size_small&quot;,&quot;def&quot;:&quot;small&quot;,&quot;xl&quot;:&quot;small&quot;},&quot;bt_bb_align_&quot;:{&quot;current_class&quot;:&quot;bt_bb_align_inherit&quot;,&quot;def&quot;:&quot;inherit&quot;,&quot;xl&quot;:&quot;inherit&quot;}}\"><span  data-ico-essential=\"&#xe9d5;\" class=\"bt_bb_icon_holder\"><\/span><div class=\"bt_bb_service_content\"><div class=\"bt_bb_service_content_title\">2008 - IEF<\/div><div class=\"bt_bb_service_content_text\">La financiaci\u00f3n de infraestructuras y el gasto p\u00fablico\u201d, An\u00e1lisis jur\u00eddico de los mecanismos de financiaci\u00f3n de las infraestructuras p\u00fablicas.<\/div><\/div><\/div><div class=\"bt_bb_separator bt_bb_border_style_none bt_bb_top_spacing_normal\" data-bt-override-class=\"null\"><\/div><div class=\"bt_bb_service bt_bb_style_borderless bt_bb_size_small bt_bb_shape_square bt_bb_target_self bt_bb_align_inherit\" data-bt-override-class=\"{}\"><span  data-ico-essential=\"&#xe9d5;\" class=\"bt_bb_icon_holder\"><\/span><div class=\"bt_bb_service_content\"><div class=\"bt_bb_service_content_title\">2006 - IEF<\/div><div class=\"bt_bb_service_content_text\">La colaboraci\u00f3n p\u00fablico-privada en la financiaci\u00f3n de las infraestructuras y servicios p\u00fablicos. Una aproximaci\u00f3n desde los principios jur\u00eddico-financieros.<\/div><\/div><\/div><\/div><\/div><\/div><\/div><\/div><\/div><!-- cell_inner --><\/div><!-- cell --><\/div><!-- port --><\/section><section id=\"bt_bb_section69f49085a8fb9\" class=\"bt_bb_section bt_bb_color_scheme_12 bt_bb_layout_boxed_1400 bt_bb_vertical_align_middle bt_bb_top_spacing_large bt_bb_bottom_spacing_large\" style=\"; --section-primary-color:#181818; --section-secondary-color:#efefef;\" data-bt-override-class=\"null\"><div class=\"bt_bb_port\"><div class=\"bt_bb_cell\"><div class=\"bt_bb_cell_inner\"><div class=\"bt_bb_row  bt_bb_column_gap_50\" style=\"; --column-gap:50px;\" data-bt-override-class=\"{}\"><div class=\"bt_bb_row_holder\" ><div  class=\"bt_bb_column col-xxl-4 col-xl-4 bt_bb_vertical_align_middle bt_bb_align_left bt_bb_padding_normal bt_bb_animation_fade_in animate\" style=\"; --column-width:4;\" data-width=\"4\" data-bt-override-class=\"{}\"><div class=\"bt_bb_column_content\"><div class=\"bt_bb_column_content_inner\"><div class=\"bt_bb_service service_tittle bt_bb_style_borderless bt_bb_size_small bt_bb_shape_circle bt_bb_target_self bt_bb_align_inherit\" data-bt-override-class=\"{&quot;bt_bb_size_&quot;:{&quot;current_class&quot;:&quot;bt_bb_size_small&quot;,&quot;def&quot;:&quot;small&quot;,&quot;xl&quot;:&quot;small&quot;},&quot;bt_bb_align_&quot;:{&quot;current_class&quot;:&quot;bt_bb_align_inherit&quot;,&quot;def&quot;:&quot;inherit&quot;,&quot;xl&quot;:&quot;inherit&quot;}}\"><span  data-ico-fontawesome=\"&#xf0e3;\" class=\"bt_bb_icon_holder\"><\/span><div class=\"bt_bb_service_content\"><div class=\"bt_bb_service_content_title\">Budget and public expenditure<\/div><\/div><\/div><div class=\"bt_bb_separator bt_bb_border_style_none bt_bb_top_spacing_normal\" data-bt-override-class=\"null\"><\/div><div  class=\"bt_bb_text\" ><\/p>\n<p style=\"text-align: justify;\">The opinion of the firm&#8217;s professionals is required, on numerous occasions, by the various Administrations in matters related to Budget and Public Expenditure Law, as well as public accounting.<\/p>\n<p>\n<\/div><\/div><\/div><\/div><div  class=\"bt_bb_column col-xxl-8 col-xl-8 bt_bb_vertical_align_top bt_bb_align_left bt_bb_padding_normal bt_bb_animation_fade_in animate\" style=\"border-left: 1px solid #ccc;; --column-width:8;\" data-width=\"8\" data-bt-override-class=\"{}\"><div class=\"bt_bb_column_content\"><div class=\"bt_bb_column_content_inner\"><header class=\"bt_bb_headline bt_bb_font_weight_normal bt_bb_dash_none bt_bb_size_small bt_bb_align_inherit\" data-bt-override-class=\"{&quot;bt_bb_size_&quot;:{&quot;current_class&quot;:&quot;bt_bb_size_small&quot;,&quot;def&quot;:&quot;small&quot;,&quot;xl&quot;:&quot;small&quot;},&quot;bt_bb_align_&quot;:{&quot;current_class&quot;:&quot;bt_bb_align_inherit&quot;,&quot;def&quot;:&quot;inherit&quot;,&quot;xl&quot;:&quot;inherit&quot;}}\"><h2 class=\"bt_bb_headline_tag\"><span class=\"bt_bb_headline_content\"><span>Featured Posts:<\/span><\/span><\/h2><\/header><div class=\"bt_bb_separator bt_bb_border_style_none bt_bb_top_spacing_normal\" data-bt-override-class=\"null\"><\/div><div class=\"bt_bb_service bt_bb_style_borderless bt_bb_size_small bt_bb_shape_square bt_bb_target_self bt_bb_align_inherit\" data-bt-override-class=\"{}\"><span  data-ico-essential=\"&#xe9d5;\" class=\"bt_bb_icon_holder\"><\/span><div class=\"bt_bb_service_content\"><div class=\"bt_bb_service_content_title\">2001 - Comares<\/div><div class=\"bt_bb_service_content_text\">El ciclo presupuestario (III). El control del Presupuesto, Manual de Derecho Presupuestario.<\/div><\/div><\/div><div class=\"bt_bb_separator bt_bb_border_style_none bt_bb_top_spacing_normal\" data-bt-override-class=\"null\"><\/div><div class=\"bt_bb_service bt_bb_style_borderless bt_bb_size_small bt_bb_shape_square bt_bb_target_self bt_bb_align_inherit\" data-bt-override-class=\"{}\"><span  data-ico-essential=\"&#xe9d5;\" class=\"bt_bb_icon_holder\"><\/span><div class=\"bt_bb_service_content\"><div class=\"bt_bb_service_content_title\">1998 - Comares<\/div><div class=\"bt_bb_service_content_text\">El control del Presupuesto, Manual General de Derecho Financiero, I y II.<\/div><\/div><\/div><div class=\"bt_bb_separator bt_bb_border_style_none bt_bb_top_spacing_normal\" data-bt-override-class=\"null\"><\/div><div class=\"bt_bb_service bt_bb_style_borderless bt_bb_size_small bt_bb_shape_square bt_bb_target_self bt_bb_align_inherit\" data-bt-override-class=\"{}\"><span  data-ico-essential=\"&#xe9d5;\" class=\"bt_bb_icon_holder\"><\/span><div class=\"bt_bb_service_content\"><div class=\"bt_bb_service_content_title\">1998 - Revista Latinoamericana de Derecho Tributario, n\u00fam. 4<\/div><div class=\"bt_bb_service_content_text\">El ordenamiento tributario espa\u00f1ol ante el criterio de convergencia del Tratado de la Uni\u00f3n Europea en materia de d\u00e9ficit p\u00fablico y deuda p\u00fablica: un primer acercamiento.<\/div><\/div><\/div><\/div><\/div><\/div><\/div><\/div><\/div><!-- cell_inner --><\/div><!-- cell --><\/div><!-- port --><\/section><\/p>\n","protected":false},"excerpt":{"rendered":"","protected":false},"author":1,"featured_media":0,"parent":2751,"menu_order":0,"comment_status":"closed","ping_status":"closed","template":"","meta":{"footnotes":""},"class_list":["post-2833","page","type-page","status-publish","hentry"],"yoast_head":"<!-- This site is optimized with the Yoast SEO plugin v27.5 - https:\/\/yoast.com\/product\/yoast-seo-wordpress\/ -->\n<title>Public Sector Law - IDEO LEGAL Abogados especialistas en Derecho Financiero y Tributario en Madrid y M\u00e1laga<\/title>\n<meta name=\"robots\" content=\"index, follow, max-snippet:-1, max-image-preview:large, max-video-preview:-1\" \/>\n<link rel=\"canonical\" href=\"https:\/\/www.ideolegal.com\/en\/practice-area\/public-sector-law\/\" \/>\n<meta property=\"og:locale\" content=\"en_US\" \/>\n<meta property=\"og:type\" content=\"article\" \/>\n<meta property=\"og:title\" content=\"Public Sector Law - IDEO LEGAL Abogados especialistas en Derecho Financiero y Tributario en Madrid y M\u00e1laga\" \/>\n<meta property=\"og:url\" content=\"https:\/\/www.ideolegal.com\/en\/practice-area\/public-sector-law\/\" \/>\n<meta property=\"og:site_name\" content=\"IDEO LEGAL\" \/>\n<meta property=\"article:modified_time\" content=\"2022-09-07T10:55:48+00:00\" \/>\n<meta name=\"twitter:card\" content=\"summary_large_image\" \/>\n<meta name=\"twitter:label1\" content=\"Est. reading time\" \/>\n\t<meta name=\"twitter:data1\" content=\"11 minutes\" \/>\n<script type=\"application\/ld+json\" class=\"yoast-schema-graph\">{\"@context\":\"https:\\\/\\\/schema.org\",\"@graph\":[{\"@type\":\"WebPage\",\"@id\":\"https:\\\/\\\/www.ideolegal.com\\\/en\\\/practice-area\\\/public-sector-law\\\/\",\"url\":\"https:\\\/\\\/www.ideolegal.com\\\/en\\\/practice-area\\\/public-sector-law\\\/\",\"name\":\"Public Sector Law - IDEO LEGAL Abogados especialistas en Derecho Financiero y Tributario en Madrid y M\u00e1laga\",\"isPartOf\":{\"@id\":\"https:\\\/\\\/www.ideolegal.com\\\/#website\"},\"datePublished\":\"2022-08-30T10:49:53+00:00\",\"dateModified\":\"2022-09-07T10:55:48+00:00\",\"breadcrumb\":{\"@id\":\"https:\\\/\\\/www.ideolegal.com\\\/en\\\/practice-area\\\/public-sector-law\\\/#breadcrumb\"},\"inLanguage\":\"en-US\",\"potentialAction\":[{\"@type\":\"ReadAction\",\"target\":[\"https:\\\/\\\/www.ideolegal.com\\\/en\\\/practice-area\\\/public-sector-law\\\/\"]}]},{\"@type\":\"BreadcrumbList\",\"@id\":\"https:\\\/\\\/www.ideolegal.com\\\/en\\\/practice-area\\\/public-sector-law\\\/#breadcrumb\",\"itemListElement\":[{\"@type\":\"ListItem\",\"position\":1,\"name\":\"Portada\",\"item\":\"https:\\\/\\\/www.ideolegal.com\\\/en\\\/\"},{\"@type\":\"ListItem\",\"position\":2,\"name\":\"Practice Area\",\"item\":\"https:\\\/\\\/www.ideolegal.com\\\/en\\\/practice-area\\\/\"},{\"@type\":\"ListItem\",\"position\":3,\"name\":\"Public Sector Law\"}]},{\"@type\":\"WebSite\",\"@id\":\"https:\\\/\\\/www.ideolegal.com\\\/#website\",\"url\":\"https:\\\/\\\/www.ideolegal.com\\\/\",\"name\":\"IDEO LEGAL\",\"description\":\"Abogados especialistas en Derecho Financiero y Tributario en Madrid y M\u00e1laga\",\"publisher\":{\"@id\":\"https:\\\/\\\/www.ideolegal.com\\\/#organization\"},\"potentialAction\":[{\"@type\":\"SearchAction\",\"target\":{\"@type\":\"EntryPoint\",\"urlTemplate\":\"https:\\\/\\\/www.ideolegal.com\\\/?s={search_term_string}\"},\"query-input\":{\"@type\":\"PropertyValueSpecification\",\"valueRequired\":true,\"valueName\":\"search_term_string\"}}],\"inLanguage\":\"en-US\"},{\"@type\":\"Organization\",\"@id\":\"https:\\\/\\\/www.ideolegal.com\\\/#organization\",\"name\":\"IDEO LEGAL\",\"url\":\"https:\\\/\\\/www.ideolegal.com\\\/\",\"logo\":{\"@type\":\"ImageObject\",\"inLanguage\":\"en-US\",\"@id\":\"https:\\\/\\\/www.ideolegal.com\\\/#\\\/schema\\\/logo\\\/image\\\/\",\"url\":\"https:\\\/\\\/www.ideolegal.com\\\/wp-content\\\/uploads\\\/ideo_legal-logo-new.png\",\"contentUrl\":\"https:\\\/\\\/www.ideolegal.com\\\/wp-content\\\/uploads\\\/ideo_legal-logo-new.png\",\"width\":350,\"height\":86,\"caption\":\"IDEO LEGAL\"},\"image\":{\"@id\":\"https:\\\/\\\/www.ideolegal.com\\\/#\\\/schema\\\/logo\\\/image\\\/\"}}]}<\/script>\n<!-- \/ Yoast SEO plugin. -->","yoast_head_json":{"title":"Public Sector Law - IDEO LEGAL Abogados especialistas en Derecho Financiero y Tributario en Madrid y M\u00e1laga","robots":{"index":"index","follow":"follow","max-snippet":"max-snippet:-1","max-image-preview":"max-image-preview:large","max-video-preview":"max-video-preview:-1"},"canonical":"https:\/\/www.ideolegal.com\/en\/practice-area\/public-sector-law\/","og_locale":"en_US","og_type":"article","og_title":"Public Sector Law - IDEO LEGAL Abogados especialistas en Derecho Financiero y Tributario en Madrid y M\u00e1laga","og_url":"https:\/\/www.ideolegal.com\/en\/practice-area\/public-sector-law\/","og_site_name":"IDEO LEGAL","article_modified_time":"2022-09-07T10:55:48+00:00","twitter_card":"summary_large_image","twitter_misc":{"Est. reading time":"11 minutes"},"schema":{"@context":"https:\/\/schema.org","@graph":[{"@type":"WebPage","@id":"https:\/\/www.ideolegal.com\/en\/practice-area\/public-sector-law\/","url":"https:\/\/www.ideolegal.com\/en\/practice-area\/public-sector-law\/","name":"Public Sector Law - IDEO LEGAL Abogados especialistas en Derecho Financiero y Tributario en Madrid y M\u00e1laga","isPartOf":{"@id":"https:\/\/www.ideolegal.com\/#website"},"datePublished":"2022-08-30T10:49:53+00:00","dateModified":"2022-09-07T10:55:48+00:00","breadcrumb":{"@id":"https:\/\/www.ideolegal.com\/en\/practice-area\/public-sector-law\/#breadcrumb"},"inLanguage":"en-US","potentialAction":[{"@type":"ReadAction","target":["https:\/\/www.ideolegal.com\/en\/practice-area\/public-sector-law\/"]}]},{"@type":"BreadcrumbList","@id":"https:\/\/www.ideolegal.com\/en\/practice-area\/public-sector-law\/#breadcrumb","itemListElement":[{"@type":"ListItem","position":1,"name":"Portada","item":"https:\/\/www.ideolegal.com\/en\/"},{"@type":"ListItem","position":2,"name":"Practice Area","item":"https:\/\/www.ideolegal.com\/en\/practice-area\/"},{"@type":"ListItem","position":3,"name":"Public Sector Law"}]},{"@type":"WebSite","@id":"https:\/\/www.ideolegal.com\/#website","url":"https:\/\/www.ideolegal.com\/","name":"IDEO LEGAL","description":"Abogados especialistas en Derecho Financiero y Tributario en Madrid y M\u00e1laga","publisher":{"@id":"https:\/\/www.ideolegal.com\/#organization"},"potentialAction":[{"@type":"SearchAction","target":{"@type":"EntryPoint","urlTemplate":"https:\/\/www.ideolegal.com\/?s={search_term_string}"},"query-input":{"@type":"PropertyValueSpecification","valueRequired":true,"valueName":"search_term_string"}}],"inLanguage":"en-US"},{"@type":"Organization","@id":"https:\/\/www.ideolegal.com\/#organization","name":"IDEO LEGAL","url":"https:\/\/www.ideolegal.com\/","logo":{"@type":"ImageObject","inLanguage":"en-US","@id":"https:\/\/www.ideolegal.com\/#\/schema\/logo\/image\/","url":"https:\/\/www.ideolegal.com\/wp-content\/uploads\/ideo_legal-logo-new.png","contentUrl":"https:\/\/www.ideolegal.com\/wp-content\/uploads\/ideo_legal-logo-new.png","width":350,"height":86,"caption":"IDEO LEGAL"},"image":{"@id":"https:\/\/www.ideolegal.com\/#\/schema\/logo\/image\/"}}]}},"_links":{"self":[{"href":"https:\/\/www.ideolegal.com\/en\/wp-json\/wp\/v2\/pages\/2833","targetHints":{"allow":["GET"]}}],"collection":[{"href":"https:\/\/www.ideolegal.com\/en\/wp-json\/wp\/v2\/pages"}],"about":[{"href":"https:\/\/www.ideolegal.com\/en\/wp-json\/wp\/v2\/types\/page"}],"author":[{"embeddable":true,"href":"https:\/\/www.ideolegal.com\/en\/wp-json\/wp\/v2\/users\/1"}],"replies":[{"embeddable":true,"href":"https:\/\/www.ideolegal.com\/en\/wp-json\/wp\/v2\/comments?post=2833"}],"version-history":[{"count":5,"href":"https:\/\/www.ideolegal.com\/en\/wp-json\/wp\/v2\/pages\/2833\/revisions"}],"predecessor-version":[{"id":3036,"href":"https:\/\/www.ideolegal.com\/en\/wp-json\/wp\/v2\/pages\/2833\/revisions\/3036"}],"up":[{"embeddable":true,"href":"https:\/\/www.ideolegal.com\/en\/wp-json\/wp\/v2\/pages\/2751"}],"wp:attachment":[{"href":"https:\/\/www.ideolegal.com\/en\/wp-json\/wp\/v2\/media?parent=2833"}],"curies":[{"name":"wp","href":"https:\/\/api.w.org\/{rel}","templated":true}]}}